{"id":713,"date":"2025-09-25T12:14:51","date_gmt":"2025-09-25T10:14:51","guid":{"rendered":"https:\/\/alizel.de\/online\/?post_type=product&#038;p=713"},"modified":"2025-12-16T07:05:03","modified_gmt":"2025-12-16T06:05:03","slug":"pfefferminze-bio-primavera-5-ml","status":"publish","type":"product","link":"https:\/\/alizel.de\/online\/produkt\/pfefferminze-bio-primavera-5-ml\/","title":{"rendered":"Pfefferminze bio PRIMAVERA\u00ae, 5 ml"},"content":{"rendered":"\n<h2 class=\"wp-block-heading\">Pfefferminze bio PRIMAVERA\u00ae<\/h2>\n\n\n\n<p>\u00c4therisches \u00d6l Pfefferminze bio von PRIMAVERA\u00ae. Pfefferminze ist ein ausdauerndes Heil- und Gew\u00fcrzkraut, das gem\u00e4\u00dfigte Klimazonen bevorzugt. Pfefferminze kann bis 1 Meter hoch werden und hat intensiv duftende Bl\u00e4tter, aus denen Pfefferminztee zubereitet wird. Pfefferminze dient zur Aromatisierung von Schokoladen, Cocktails, Bonbons und Mundpflegeprodukten.<\/p>\n\n\n\n<h3 class=\"wp-block-heading\">Pfefferminze bio Anwendung<\/h3>\n\n\n\n<p>\u00c4therisches Pfefferminz\u00f6l befreit bei Kopfschmerzen, belebt die Sinne und erfrischt den Geist. In der Naturheilkunde findet sie Verwendung bei Magen-, Erk\u00e4ltungs- und Muskelbeschwerden. Der Duft des \u00e4therischen \u00d6ls der Pfefferminze kann bei Schwangerschafts\u00fcbelkeit und Appetitlosigkeit lindernd wirken.<\/p>\n\n\n\n<p>Mehr \u00fcber \u00e4therische \u00d6le und der Kraft bew\u00e4hrter Duft- und Heilpflanzen f\u00fcr K\u00f6rper, Geist und Seele findest du in unserer&nbsp;<a href=\"https:\/\/beledama.de\/blog\/thema\/gesundheit\/aromatherapie\/\" target=\"_blank\" rel=\"noreferrer noopener\">Kategorie Aromatherapie<\/a>&nbsp;auf BEWUSST LEBEN \u2013 DAS MAGAZIN.<\/p>\n\n\n\n<h3 class=\"wp-block-heading\">Details zu Pfefferminze bio<\/h3>\n\n\n\n<ul class=\"wp-block-list\">\n<li>Duftprofil: frisch<\/li>\n\n\n\n<li>Duftwirkung: vitalisierend<\/li>\n\n\n\n<li>Duftnote: Kopfnote<\/li>\n\n\n\n<li>Qualit\u00e4t: Bio, NATRUE Biokosmetik, vegan, IHTN<\/li>\n\n\n\n<li>Hautwirkung: Akne, \u00f6lige Haut, k\u00fchlend<\/li>\n\n\n\n<li>Bed\u00fcrfnis: Muskeln &amp; Gelenke, Kalte Jahreszeit, Ersch\u00f6pfung &amp; Stress, Haus- &amp; Reiseapotheke, Insekten, Mund &amp; Zahnfleisch<\/li>\n\n\n\n<li>Anwendung: z.B. als Kosmetikum zur Aromapflege der Haut. Punktuell 1 Tropfen pur auf die Haut oder max. 5 Tropfen in 50 ml&nbsp;PRIMAVERA Mandel\u00f6l bio&nbsp;mischen.<\/li>\n\n\n\n<li>Botanische Bezeichnung: Mentha piperita<\/li>\n\n\n\n<li>Pflanzenteil: Kraut<\/li>\n\n\n\n<li>Gewinnung: Wasserdampfdestillation<\/li>\n\n\n\n<li>Herkunft: Indien<\/li>\n\n\n\n<li>Inhaltsstoffe (INCI): Mentha piperita (Peppermint) Oil* Org, Limonene**, Linalool**<\/li>\n<\/ul>\n\n\n\n<p>* aus kontrolliert biologischem Anbau<br>** nat\u00fcrliche Bestandteile des \u00e4therischen \u00d6ls<br>Alle Angaben lt. Hersteller.<\/p>\n\n\n\n<p>Art.-Nr: IP10553<br>Tags: DIY, Wachmacher, Raumduft, Hautpflege, Stressabbau<\/p>\n","protected":false},"excerpt":{"rendered":"<p>5 ml \u00c4therisches Pfefferminz\u00f6l f\u00fcr viele Anwendungsm\u00f6glichkeiten.<\/p>\n","protected":false},"featured_media":714,"comment_status":"closed","ping_status":"closed","template":"","meta":{"_kad_blocks_custom_css":"","_kad_blocks_head_custom_js":"","_kad_blocks_body_custom_js":"","_kad_blocks_footer_custom_js":"","_kad_post_transparent":"","_kad_post_title":"","_kad_post_layout":"","_kad_post_sidebar_id":"","_kad_post_content_style":"","_kad_post_vertical_padding":"","_kad_post_feature":"","_kad_post_feature_position":"","_kad_post_header":false,"_kad_post_footer":false,"_kad_post_classname":""},"product_brand":[123],"product_cat":[81],"product_tag":[186,225,148,184,82,185,134,85,187,84],"product_brands":[],"class_list":{"0":"post-713","1":"product","2":"type-product","3":"status-publish","4":"has-post-thumbnail","6":"product_brand-primavera","7":"product_cat-wohlfuehl-natur","8":"product_tag-appetit","9":"product_tag-aetherische-oele","10":"product_tag-entspannung","11":"product_tag-gelenke","12":"product_tag-hautpflege","13":"product_tag-mundpflege","14":"product_tag-muskeln","15":"product_tag-raumduft","16":"product_tag-schwangerschaft","17":"product_tag-stressabbau","18":"product_shipping_class-waren-bis-50-g","20":"first","21":"instock","22":"taxable","23":"shipping-taxable","24":"purchasable","25":"product-type-simple","26":"entry","27":"content-bg","28":"loop-entry"},"yoast_head":"<!-- This site is optimized with the Yoast SEO plugin v27.5 - https:\/\/yoast.com\/product\/yoast-seo-wordpress\/ -->\n<title>Pfefferminze bio PRIMAVERA\u00ae, 5 ml - ALIZEL Online-Shop<\/title>\n<meta name=\"robots\" content=\"index, follow, max-snippet:-1, max-image-preview:large, max-video-preview:-1\" \/>\n<link rel=\"canonical\" href=\"https:\/\/alizel.de\/online\/produkt\/pfefferminze-bio-primavera-5-ml\/\" \/>\n<meta property=\"og:locale\" content=\"de_DE\" \/>\n<meta property=\"og:type\" content=\"article\" \/>\n<meta property=\"og:title\" content=\"Pfefferminze bio PRIMAVERA\u00ae, 5 ml - ALIZEL Online-Shop\" \/>\n<meta property=\"og:description\" content=\"5 ml \u00c4therisches Pfefferminz\u00f6l f\u00fcr viele Anwendungsm\u00f6glichkeiten.\" \/>\n<meta property=\"og:url\" content=\"https:\/\/alizel.de\/online\/produkt\/pfefferminze-bio-primavera-5-ml\/\" \/>\n<meta property=\"og:site_name\" content=\"ALIZEL Online-Shop\" \/>\n<meta property=\"article:modified_time\" content=\"2025-12-16T06:05:03+00:00\" \/>\n<meta property=\"og:image\" content=\"https:\/\/alizel.de\/online\/wp-content\/uploads\/sites\/2\/2025\/09\/IP10553.jpg\" \/>\n\t<meta property=\"og:image:width\" content=\"800\" \/>\n\t<meta property=\"og:image:height\" content=\"800\" \/>\n\t<meta property=\"og:image:type\" content=\"image\/jpeg\" \/>\n<meta name=\"twitter:card\" content=\"summary_large_image\" \/>\n<meta name=\"twitter:label1\" content=\"Gesch\u00e4tzte Lesezeit\" \/>\n\t<meta name=\"twitter:data1\" content=\"2\u00a0Minuten\" \/>\n<script type=\"application\/ld+json\" class=\"yoast-schema-graph\">{\"@context\":\"https:\\\/\\\/schema.org\",\"@graph\":[{\"@type\":\"WebPage\",\"@id\":\"https:\\\/\\\/alizel.de\\\/online\\\/produkt\\\/pfefferminze-bio-primavera-5-ml\\\/\",\"url\":\"https:\\\/\\\/alizel.de\\\/online\\\/produkt\\\/pfefferminze-bio-primavera-5-ml\\\/\",\"name\":\"Pfefferminze bio PRIMAVERA\u00ae, 5 ml - ALIZEL Online-Shop\",\"isPartOf\":{\"@id\":\"https:\\\/\\\/alizel.de\\\/online\\\/#website\"},\"primaryImageOfPage\":{\"@id\":\"https:\\\/\\\/alizel.de\\\/online\\\/produkt\\\/pfefferminze-bio-primavera-5-ml\\\/#primaryimage\"},\"image\":{\"@id\":\"https:\\\/\\\/alizel.de\\\/online\\\/produkt\\\/pfefferminze-bio-primavera-5-ml\\\/#primaryimage\"},\"thumbnailUrl\":\"https:\\\/\\\/alizel.de\\\/online\\\/wp-content\\\/uploads\\\/sites\\\/2\\\/2025\\\/09\\\/IP10553.jpg\",\"datePublished\":\"2025-09-25T10:14:51+00:00\",\"dateModified\":\"2025-12-16T06:05:03+00:00\",\"breadcrumb\":{\"@id\":\"https:\\\/\\\/alizel.de\\\/online\\\/produkt\\\/pfefferminze-bio-primavera-5-ml\\\/#breadcrumb\"},\"inLanguage\":\"de\",\"potentialAction\":[{\"@type\":\"ReadAction\",\"target\":[\"https:\\\/\\\/alizel.de\\\/online\\\/produkt\\\/pfefferminze-bio-primavera-5-ml\\\/\"]}]},{\"@type\":\"ImageObject\",\"inLanguage\":\"de\",\"@id\":\"https:\\\/\\\/alizel.de\\\/online\\\/produkt\\\/pfefferminze-bio-primavera-5-ml\\\/#primaryimage\",\"url\":\"https:\\\/\\\/alizel.de\\\/online\\\/wp-content\\\/uploads\\\/sites\\\/2\\\/2025\\\/09\\\/IP10553.jpg\",\"contentUrl\":\"https:\\\/\\\/alizel.de\\\/online\\\/wp-content\\\/uploads\\\/sites\\\/2\\\/2025\\\/09\\\/IP10553.jpg\",\"width\":800,\"height\":800},{\"@type\":\"BreadcrumbList\",\"@id\":\"https:\\\/\\\/alizel.de\\\/online\\\/produkt\\\/pfefferminze-bio-primavera-5-ml\\\/#breadcrumb\",\"itemListElement\":[{\"@type\":\"ListItem\",\"position\":1,\"name\":\"Startseite\",\"item\":\"https:\\\/\\\/alizel.de\\\/online\\\/\"},{\"@type\":\"ListItem\",\"position\":2,\"name\":\"Shop\",\"item\":\"https:\\\/\\\/alizel.de\\\/online\\\/shop\\\/\"},{\"@type\":\"ListItem\",\"position\":3,\"name\":\"Pfefferminze bio PRIMAVERA\u00ae, 5 ml\"}]},{\"@type\":\"WebSite\",\"@id\":\"https:\\\/\\\/alizel.de\\\/online\\\/#website\",\"url\":\"https:\\\/\\\/alizel.de\\\/online\\\/\",\"name\":\"ALIZEL Shop\",\"description\":\"Online-Shop der ALIZEL Gruppe\",\"publisher\":{\"@id\":\"https:\\\/\\\/alizel.de\\\/online\\\/#organization\"},\"potentialAction\":[{\"@type\":\"SearchAction\",\"target\":{\"@type\":\"EntryPoint\",\"urlTemplate\":\"https:\\\/\\\/alizel.de\\\/online\\\/?s={search_term_string}\"},\"query-input\":{\"@type\":\"PropertyValueSpecification\",\"valueRequired\":true,\"valueName\":\"search_term_string\"}}],\"inLanguage\":\"de\"},{\"@type\":\"Organization\",\"@id\":\"https:\\\/\\\/alizel.de\\\/online\\\/#organization\",\"name\":\"ALIZEL Shop\",\"url\":\"https:\\\/\\\/alizel.de\\\/online\\\/\",\"logo\":{\"@type\":\"ImageObject\",\"inLanguage\":\"de\",\"@id\":\"https:\\\/\\\/alizel.de\\\/online\\\/#\\\/schema\\\/logo\\\/image\\\/\",\"url\":\"https:\\\/\\\/alizel.de\\\/shop\\\/wp-content\\\/uploads\\\/sites\\\/2\\\/2025\\\/08\\\/alizel100.jpg\",\"contentUrl\":\"https:\\\/\\\/alizel.de\\\/shop\\\/wp-content\\\/uploads\\\/sites\\\/2\\\/2025\\\/08\\\/alizel100.jpg\",\"width\":1069,\"height\":600,\"caption\":\"ALIZEL Shop\"},\"image\":{\"@id\":\"https:\\\/\\\/alizel.de\\\/online\\\/#\\\/schema\\\/logo\\\/image\\\/\"}}]}<\/script>\n<!-- \/ Yoast SEO plugin. -->","yoast_head_json":{"title":"Pfefferminze bio PRIMAVERA\u00ae, 5 ml - ALIZEL Online-Shop","robots":{"index":"index","follow":"follow","max-snippet":"max-snippet:-1","max-image-preview":"max-image-preview:large","max-video-preview":"max-video-preview:-1"},"canonical":"https:\/\/alizel.de\/online\/produkt\/pfefferminze-bio-primavera-5-ml\/","og_locale":"de_DE","og_type":"article","og_title":"Pfefferminze bio PRIMAVERA\u00ae, 5 ml - ALIZEL Online-Shop","og_description":"5 ml \u00c4therisches Pfefferminz\u00f6l f\u00fcr viele Anwendungsm\u00f6glichkeiten.","og_url":"https:\/\/alizel.de\/online\/produkt\/pfefferminze-bio-primavera-5-ml\/","og_site_name":"ALIZEL Online-Shop","article_modified_time":"2025-12-16T06:05:03+00:00","og_image":[{"width":800,"height":800,"url":"https:\/\/alizel.de\/online\/wp-content\/uploads\/sites\/2\/2025\/09\/IP10553.jpg","type":"image\/jpeg"}],"twitter_card":"summary_large_image","twitter_misc":{"Gesch\u00e4tzte Lesezeit":"2\u00a0Minuten"},"schema":{"@context":"https:\/\/schema.org","@graph":[{"@type":"WebPage","@id":"https:\/\/alizel.de\/online\/produkt\/pfefferminze-bio-primavera-5-ml\/","url":"https:\/\/alizel.de\/online\/produkt\/pfefferminze-bio-primavera-5-ml\/","name":"Pfefferminze bio PRIMAVERA\u00ae, 5 ml - ALIZEL Online-Shop","isPartOf":{"@id":"https:\/\/alizel.de\/online\/#website"},"primaryImageOfPage":{"@id":"https:\/\/alizel.de\/online\/produkt\/pfefferminze-bio-primavera-5-ml\/#primaryimage"},"image":{"@id":"https:\/\/alizel.de\/online\/produkt\/pfefferminze-bio-primavera-5-ml\/#primaryimage"},"thumbnailUrl":"https:\/\/alizel.de\/online\/wp-content\/uploads\/sites\/2\/2025\/09\/IP10553.jpg","datePublished":"2025-09-25T10:14:51+00:00","dateModified":"2025-12-16T06:05:03+00:00","breadcrumb":{"@id":"https:\/\/alizel.de\/online\/produkt\/pfefferminze-bio-primavera-5-ml\/#breadcrumb"},"inLanguage":"de","potentialAction":[{"@type":"ReadAction","target":["https:\/\/alizel.de\/online\/produkt\/pfefferminze-bio-primavera-5-ml\/"]}]},{"@type":"ImageObject","inLanguage":"de","@id":"https:\/\/alizel.de\/online\/produkt\/pfefferminze-bio-primavera-5-ml\/#primaryimage","url":"https:\/\/alizel.de\/online\/wp-content\/uploads\/sites\/2\/2025\/09\/IP10553.jpg","contentUrl":"https:\/\/alizel.de\/online\/wp-content\/uploads\/sites\/2\/2025\/09\/IP10553.jpg","width":800,"height":800},{"@type":"BreadcrumbList","@id":"https:\/\/alizel.de\/online\/produkt\/pfefferminze-bio-primavera-5-ml\/#breadcrumb","itemListElement":[{"@type":"ListItem","position":1,"name":"Startseite","item":"https:\/\/alizel.de\/online\/"},{"@type":"ListItem","position":2,"name":"Shop","item":"https:\/\/alizel.de\/online\/shop\/"},{"@type":"ListItem","position":3,"name":"Pfefferminze bio PRIMAVERA\u00ae, 5 ml"}]},{"@type":"WebSite","@id":"https:\/\/alizel.de\/online\/#website","url":"https:\/\/alizel.de\/online\/","name":"ALIZEL Shop","description":"Online-Shop der ALIZEL Gruppe","publisher":{"@id":"https:\/\/alizel.de\/online\/#organization"},"potentialAction":[{"@type":"SearchAction","target":{"@type":"EntryPoint","urlTemplate":"https:\/\/alizel.de\/online\/?s={search_term_string}"},"query-input":{"@type":"PropertyValueSpecification","valueRequired":true,"valueName":"search_term_string"}}],"inLanguage":"de"},{"@type":"Organization","@id":"https:\/\/alizel.de\/online\/#organization","name":"ALIZEL Shop","url":"https:\/\/alizel.de\/online\/","logo":{"@type":"ImageObject","inLanguage":"de","@id":"https:\/\/alizel.de\/online\/#\/schema\/logo\/image\/","url":"https:\/\/alizel.de\/shop\/wp-content\/uploads\/sites\/2\/2025\/08\/alizel100.jpg","contentUrl":"https:\/\/alizel.de\/shop\/wp-content\/uploads\/sites\/2\/2025\/08\/alizel100.jpg","width":1069,"height":600,"caption":"ALIZEL Shop"},"image":{"@id":"https:\/\/alizel.de\/online\/#\/schema\/logo\/image\/"}}]}},"taxonomy_info":{"product_brand":[{"value":123,"label":"PRIMAVERA\u00ae"}],"product_cat":[{"value":81,"label":"Wohlf\u00fchl-Natur"}],"product_tag":[{"value":186,"label":"Appetit"},{"value":225,"label":"\u00c4therische \u00d6le"},{"value":148,"label":"Entspannung"},{"value":184,"label":"Gelenke"},{"value":82,"label":"Hautpflege"},{"value":185,"label":"Mundpflege"},{"value":134,"label":"Muskeln"},{"value":85,"label":"Raumduft"},{"value":187,"label":"Schwangerschaft"},{"value":84,"label":"Stressabbau"}]},"featured_image_src_large":["https:\/\/alizel.de\/online\/wp-content\/uploads\/sites\/2\/2025\/09\/IP10553.jpg",800,800,false],"author_info":[],"comment_info":0,"_links":{"self":[{"href":"https:\/\/alizel.de\/online\/wp-json\/wp\/v2\/product\/713","targetHints":{"allow":["GET"]}}],"collection":[{"href":"https:\/\/alizel.de\/online\/wp-json\/wp\/v2\/product"}],"about":[{"href":"https:\/\/alizel.de\/online\/wp-json\/wp\/v2\/types\/product"}],"replies":[{"embeddable":true,"href":"https:\/\/alizel.de\/online\/wp-json\/wp\/v2\/comments?post=713"}],"wp:featuredmedia":[{"embeddable":true,"href":"https:\/\/alizel.de\/online\/wp-json\/wp\/v2\/media\/714"}],"wp:attachment":[{"href":"https:\/\/alizel.de\/online\/wp-json\/wp\/v2\/media?parent=713"}],"wp:term":[{"taxonomy":"product_brand","embeddable":true,"href":"https:\/\/alizel.de\/online\/wp-json\/wp\/v2\/product_brand?post=713"},{"taxonomy":"product_cat","embeddable":true,"href":"https:\/\/alizel.de\/online\/wp-json\/wp\/v2\/product_cat?post=713"},{"taxonomy":"product_tag","embeddable":true,"href":"https:\/\/alizel.de\/online\/wp-json\/wp\/v2\/product_tag?post=713"},{"taxonomy":"product_brands","embeddable":true,"href":"https:\/\/alizel.de\/online\/wp-json\/wp\/v2\/product_brands?post=713"}],"curies":[{"name":"wp","href":"https:\/\/api.w.org\/{rel}","templated":true}]}}